{"id":82,"date":"2020-02-13T11:26:57","date_gmt":"2020-02-13T10:26:57","guid":{"rendered":"http:\/\/www.boz.dev.wydajnyweb.pl\/salon-lazienek\/?page_id=82"},"modified":"2021-07-29T11:13:23","modified_gmt":"2021-07-29T09:13:23","slug":"dla-architektow","status":"publish","type":"page","link":"https:\/\/www.boz.pl\/salon-lazienek\/dla-architektow\/","title":{"rendered":"Dla architekt\u00f3w"},"content":{"rendered":"<div class=\"wpb-content-wrapper\"><p>[vc_section][vc_row hide_on_tablet=&#8221;true&#8221; hide_on_mobile=&#8221;true&#8221; effect=&#8221;fadeInDown&#8221; animation_duration=&#8221;2s&#8221; el_id=&#8221;desktop_geo_dla_architektow&#8221;][vc_column][vc_column_text css_animation=&#8221;none&#8221;]<span style=\"font-weight: 400;\">Jeste\u015b <strong>architektem lub projektantem i chcesz nawi\u0105za\u0107 z nami wsp\u00f3\u0142prac\u0119<\/strong>? Z ch\u0119ci\u0105 po\u0142\u0105czymy z Tob\u0105 si\u0142y podczas obs\u0142ugi naszych ma\u0142ych i du\u017cych przedsi\u0119wzi\u0119\u0107 inwestycyjnych.\u00a0<\/span><\/p>\n<p><strong>Przygotowali\u015bmy dla Ciebie:\u00a0<\/strong><\/p>\n<ul>\n<li style=\"font-weight: 400;\"><span style=\"font-weight: 400;\">elastyczne warunki wsp\u00f3\u0142pracy, kt\u00f3re uzgadniamy indywidualnie,\u00a0<\/span><\/li>\n<li style=\"font-weight: 400;\"><span style=\"font-weight: 400;\">mo\u017cliwo\u015b\u0107 dy\u017cur\u00f3w eksperckich na terenie naszej ekspozycji,<\/span><\/li>\n<li style=\"font-weight: 400;\"><span style=\"font-weight: 400;\">mo\u017cliwo\u015b\u0107 korzystania ze Strefy Architekta wyposa\u017conej w bezp\u0142atny Internet bezprzewodowy oraz warunki do prezentacji projekt\u00f3w w formie multimedialnej <\/span><span style=\"font-weight: 400;\">\u2013<\/span><span style=\"font-weight: 400;\"> idealnej do spotka\u0144 z Klientami (z opcj\u0105 rezerwacji).\u00a0<\/span><\/li>\n<\/ul>\n<p><span style=\"font-weight: 400;\">Zapraszamy do zapoznania si\u0119 z nasz\u0105 ofert\u0105 oraz <strong>do kontaktu z pracownikami Dzia\u0142u Obs\u0142ugi Architekt\u00f3w<\/strong>, kt\u00f3rzy udziel\u0105 Pa\u0144stwu szczeg\u00f3\u0142owych informacji:<\/span><\/p>\n<p><span style=\"font-weight: 400;\"><strong>Salon \u0141azienek Rzesz\u00f3w:<\/strong><\/span><\/p>\n<ul>\n<li style=\"font-weight: 400;\"><span style=\"font-weight: 400;\">Anna Rozborska <\/span><span style=\"font-weight: 400;\">\u2013<\/span> <a href=\"mailto:rozborska.anna@boz.pl\">rozborska.anna@boz.pl<\/a><span style=\"font-weight: 400;\">, tel. <span style='display:inline-block;'><input type='hidden' bg_collapse_expand='69f172a7ab6d71057145845' value='69f172a7ab6d71057145845'><input type='hidden' id='bg-show-more-text-69f172a7ab6d71057145845' value='Poka\u017c numer'><input type='hidden' id='bg-show-less-text-69f172a7ab6d71057145845' value=''><a id='bg-showmore-action-69f172a7ab6d71057145845' class='bg-showmore-plg-link  '  style=\" color:#4a4949;\" href='#'>Poka\u017c numer<\/a><span id='bg-showmore-hidden-69f172a7ab6d71057145845' ><a href=\"tel:605 092 249\">605 092 249<\/a><\/span><\/span>.<\/span><\/li>\n<li style=\"font-weight: 400;\"><span style=\"font-weight: 400;\">Jerzy Dziedzic <\/span><span style=\"font-weight: 400;\">\u2013<\/span> <a href=\"mailto:dziedzic.jerzy@boz.pl\">dziedzic.jerzy@boz.pl<\/a><span style=\"font-weight: 400;\">, tel. <span style='display:inline-block;'><input type='hidden' bg_collapse_expand='69f172a7ab74e7048182165' value='69f172a7ab74e7048182165'><input type='hidden' id='bg-show-more-text-69f172a7ab74e7048182165' value='Poka\u017c numer'><input type='hidden' id='bg-show-less-text-69f172a7ab74e7048182165' value=''><a id='bg-showmore-action-69f172a7ab74e7048182165' class='bg-showmore-plg-link  '  style=\" color:#4a4949;\" href='#'>Poka\u017c numer<\/a><span id='bg-showmore-hidden-69f172a7ab74e7048182165' ><a href=\"tel:605 090 374\">605 090 374<\/a><\/span><\/span>.<\/span><\/li>\n<li style=\"font-weight: 400;\"><span style=\"font-weight: 400;\">Ma\u0142gorzata Kowalska <\/span><span style=\"font-weight: 400;\">\u2013<\/span> <a href=\"mailto:kowalska.malgorzata@boz.pl\">kowalska.malgorzata@boz.pl<\/a><span style=\"font-weight: 400;\">, tel. <span style='display:inline-block;'><input type='hidden' bg_collapse_expand='69f172a7ab7860086666953' value='69f172a7ab7860086666953'><input type='hidden' id='bg-show-more-text-69f172a7ab7860086666953' value='Poka\u017c numer'><input type='hidden' id='bg-show-less-text-69f172a7ab7860086666953' value=''><a id='bg-showmore-action-69f172a7ab7860086666953' class='bg-showmore-plg-link  '  style=\" color:#4a4949;\" href='#'>Poka\u017c numer<\/a><span id='bg-showmore-hidden-69f172a7ab7860086666953' ><a href=\"tel:609 106 088\">609 106 088<\/a><\/span><\/span>.<\/span><\/li>\n<\/ul>\n<p><span style=\"font-weight: 400;\">tel. <span style='display:inline-block;'><input type='hidden' bg_collapse_expand='69f172a7ab7b16070360211' value='69f172a7ab7b16070360211'><input type='hidden' id='bg-show-more-text-69f172a7ab7b16070360211' value='Poka\u017c numer'><input type='hidden' id='bg-show-less-text-69f172a7ab7b16070360211' value=''><a id='bg-showmore-action-69f172a7ab7b16070360211' class='bg-showmore-plg-link  '  style=\" color:#4a4949;\" href='#'>Poka\u017c numer<\/a><span id='bg-showmore-hidden-69f172a7ab7b16070360211' ><a href=\"tel:17 85 00 314\">17 85 00 314<\/a><\/span><\/span><\/span><\/p>\n<p>e-mail:\u00a0<a href=\"mailto:architekt@boz.pl\">architekt@boz.pl<\/a><\/p>\n<p><span style=\"font-weight: 400;\"><strong>Salon \u0141azienek Tarn\u00f3w<\/strong><\/span><\/p>\n<ul>\n<li>Danuta Kozio\u0142ek &#8211; <a href=\"mailto:koziolek.danuta@boz.pl\">koziolek.danuta@boz.pl<\/a>, tel. <span style='display:inline-block;'><input type='hidden' bg_collapse_expand='69f172a7ab7d87038288558' value='69f172a7ab7d87038288558'><input type='hidden' id='bg-show-more-text-69f172a7ab7d87038288558' value='Poka\u017c numer'><input type='hidden' id='bg-show-less-text-69f172a7ab7d87038288558' value=''><a id='bg-showmore-action-69f172a7ab7d87038288558' class='bg-showmore-plg-link  '  style=\" color:#4a4949;\" href='#'>Poka\u017c numer<\/a><span id='bg-showmore-hidden-69f172a7ab7d87038288558' ><a href=\"tel:663 744 945\">663 744 945<\/a><\/span><\/span><\/li>\n<\/ul>\n<p><span style=\"font-weight: 400;\">tel. <span style='display:inline-block;'><input type='hidden' bg_collapse_expand='69f172a7ab8081099923712' value='69f172a7ab8081099923712'><input type='hidden' id='bg-show-more-text-69f172a7ab8081099923712' value='Poka\u017c numer'><input type='hidden' id='bg-show-less-text-69f172a7ab8081099923712' value=''><a id='bg-showmore-action-69f172a7ab8081099923712' class='bg-showmore-plg-link  '  style=\" color:#4a4949;\" href='#'>Poka\u017c numer<\/a><span id='bg-showmore-hidden-69f172a7ab8081099923712' ><a href=\"tel:14 92 96 103\">14 92 96 103<\/a><\/span><\/span><\/span><\/p>\n<p>e-mail: <a href=\"mailto:tarnow@boz.pl\">tarnow@boz.pl<\/a>[\/vc_column_text][\/vc_column][\/vc_row][vc_row hide_on_desktop=&#8221;true&#8221; effect=&#8221;fadeInDown&#8221; animation_duration=&#8221;2s&#8221; el_id=&#8221;mobile_geo_dla_architektow&#8221;][vc_column][vc_column_text css_animation=&#8221;none&#8221;]<span style=\"font-weight: 400;\">Jeste\u015b <strong>architektem lub projektantem i chcesz nawi\u0105za\u0107 z nami wsp\u00f3\u0142prac\u0119<\/strong>? Z ch\u0119ci\u0105 po\u0142\u0105czymy z Tob\u0105 si\u0142y podczas obs\u0142ugi naszych ma\u0142ych i du\u017cych przedsi\u0119wzi\u0119\u0107 inwestycyjnych.\u00a0<\/span><\/p>\n<p><strong>Przygotowali\u015bmy dla Ciebie:\u00a0<\/strong><\/p>\n<ul>\n<li style=\"font-weight: 400;\"><span style=\"font-weight: 400;\">elastyczne warunki wsp\u00f3\u0142pracy, kt\u00f3re uzgadniamy indywidualnie,\u00a0<\/span><\/li>\n<li style=\"font-weight: 400;\"><span style=\"font-weight: 400;\">mo\u017cliwo\u015b\u0107 dy\u017cur\u00f3w eksperckich na terenie naszej ekspozycji,<\/span><\/li>\n<li style=\"font-weight: 400;\"><span style=\"font-weight: 400;\">mo\u017cliwo\u015b\u0107 korzystania ze Strefy Architekta wyposa\u017conej w bezp\u0142atny Internet bezprzewodowy oraz warunki do prezentacji projekt\u00f3w w formie multimedialnej <\/span><span style=\"font-weight: 400;\">\u2013<\/span><span style=\"font-weight: 400;\"> idealnej do spotka\u0144 z Klientami (z opcj\u0105 rezerwacji).\u00a0<\/span><\/li>\n<\/ul>\n<p><span style=\"font-weight: 400;\">Zapraszamy do zapoznania si\u0119 z nasz\u0105 ofert\u0105 oraz <strong>do kontaktu z pracownikami Dzia\u0142u Obs\u0142ugi Architekt\u00f3w<\/strong>, kt\u00f3rzy udziel\u0105 Pa\u0144stwu szczeg\u00f3\u0142owych informacji:<\/span><\/p>\n<p><span style=\"font-weight: 400;\"><strong>Salon \u0141azienek Rzesz\u00f3w:<\/strong><\/span><\/p>\n<ul>\n<li style=\"font-weight: 400;\"><span style=\"font-weight: 400;\">Anna Rozborska <\/span><span style=\"font-weight: 400;\">\u2013<\/span> <a href=\"mailto:rozborska.anna@boz.pl\">rozborska.anna@boz.pl<\/a><span style=\"font-weight: 400;\">, tel. <a href=\"tel:605 092 249\">605 092 249<\/a>.<\/span><\/li>\n<li style=\"font-weight: 400;\"><span style=\"font-weight: 400;\">Jerzy Dziedzic <\/span><span style=\"font-weight: 400;\">\u2013<\/span> <a href=\"mailto:dziedzic.jerzy@boz.pl\">dziedzic.jerzy@boz.pl<\/a><span style=\"font-weight: 400;\">, tel. <a href=\"tel:605 090 374\">605 090 374<\/a>.<\/span><\/li>\n<li style=\"font-weight: 400;\"><span style=\"font-weight: 400;\">Ma\u0142gorzata Kowalska <\/span><span style=\"font-weight: 400;\">\u2013<\/span> <a href=\"mailto:kowalska.malgorzata@boz.pl\">kowalska.malgorzata@boz.pl<\/a><span style=\"font-weight: 400;\">, tel. <a href=\"tel:609 106 088\">609 106 088<\/a>.<\/span><\/li>\n<\/ul>\n<p><span style=\"font-weight: 400;\">tel. <a href=\"tel:17 85 00 314\">17 85 00 314<\/a><\/span><\/p>\n<p>e-mail:\u00a0<a href=\"mailto:architekt@boz.pl\">architekt@boz.pl<\/a><\/p>\n<p><span style=\"font-weight: 400;\"><strong>Salon \u0141azienek Tarn\u00f3w<\/strong><\/span><\/p>\n<ul>\n<li>Danuta Kozio\u0142ek &#8211; <a href=\"mailto:koziolek.danuta@boz.pl\">koziolek.danuta@boz.pl<\/a>, tel. <a href=\"tel:663 744 945\">663 744 945<\/a><\/li>\n<\/ul>\n<p><span style=\"font-weight: 400;\">tel. <a href=\"tel:14 92 96 103\">14 92 96 103<\/a><\/span><\/p>\n<p>e-mail: <a href=\"mailto:tarnow@boz.pl\">tarnow@boz.pl<\/a>[\/vc_column_text][\/vc_column][\/vc_row][vc_row delay=&#8221;true&#8221; effect=&#8221;none&#8221; delay_timer=&#8221;500&#8243;][vc_column width=&#8221;1\/2&#8243; delay=&#8221;true&#8221; effect=&#8221;fadeInLeft&#8221; delay_timer=&#8221;1000&#8243;][vc_column_text el_class=&#8221;no-bottom-margin&#8221;]<\/p>\n<h3>Podaj e-mail &#8211; wy\u015blemy Ci has\u0142o<\/h3>\n<p>Po zalogowaniu b\u0119dziesz m\u00f3g\u0142 skorzysta\u0107 z <strong>materia\u0142\u00f3w od producent\u00f3w, w tym materia\u0142\u00f3w technicznych<\/strong>, przygotowanych specjalnie dla architekt\u00f3w i projektant\u00f3w.[\/vc_column_text]<div id=\"ut_cf7_colors_69f172a7ab834\" class=\"wpb_content_element ut-cf7-dark-skin \">\n<div class=\"wpcf7 no-js\" id=\"wpcf7-f88-o1\" lang=\"pl-PL\" dir=\"ltr\" data-wpcf7-id=\"88\">\n<div class=\"screen-reader-response\"><p role=\"status\" aria-live=\"polite\" aria-atomic=\"true\"><\/p> <ul><\/ul><\/div>\n<form action=\"\/salon-lazienek\/wp-json\/wp\/v2\/pages\/82#wpcf7-f88-o1\" method=\"post\" class=\"wpcf7-form init\" aria-label=\"Formularz kontaktowy\" novalidate=\"novalidate\" data-status=\"init\">\n<div style=\"display: none;\">\n<input type=\"hidden\" name=\"_wpcf7\" value=\"88\" \/>\n<input type=\"hidden\" name=\"_wpcf7_version\" value=\"6.0\" \/>\n<input type=\"hidden\" name=\"_wpcf7_locale\" value=\"pl_PL\" \/>\n<input type=\"hidden\" name=\"_wpcf7_unit_tag\" value=\"wpcf7-f88-o1\" \/>\n<input type=\"hidden\" name=\"_wpcf7_container_post\" value=\"0\" \/>\n<input type=\"hidden\" name=\"_wpcf7_posted_data_hash\" value=\"\" \/>\n<\/div>\n<label><span class=\"wpcf7-form-control-wrap\" data-name=\"your-email\"><input size=\"40\" maxlength=\"400\" class=\"wpcf7-form-control wpcf7-email wpcf7-validates-as-required wpcf7-text wpcf7-validates-as-email no-bottom-margin\" aria-required=\"true\" aria-invalid=\"false\" placeholder=\"adres e-mail\" value=\"\" type=\"email\" name=\"your-email\" \/><\/span> <\/label>\n<div class=\"policyWrap\"><span class=\"wpcf7-form-control-wrap\" data-name=\"acceptance-63\"><span class=\"wpcf7-form-control wpcf7-acceptance\"><span class=\"wpcf7-list-item\"><input type=\"checkbox\" name=\"acceptance-63\" value=\"1\" class=\"verticalmargin\" aria-invalid=\"false\" \/><\/span><\/span><\/span><div class=\"hiddenTxt\"><div>Zgodnie z art. 13 Og\u00f3lnego rozporz\u0105dzenia o ochronie danych osobowych z dnia 27 kwietnia 2016 r. (tj. RODO) informujemy, \u017ce Administratorem Twoich danych osobowych jest Firma Handlowa \u201eBOZ\u201d S.A ul. Geodet\u00f3w 3, 35-328 Rzesz\u00f3w tel.178500300, biuro@boz.pl, Twoje dane osobowe przetwarzane b\u0119d\u0105 na podstawie art. 6 ust.1 lit. a RODO tj. w celu za\u0142o\u017cenia i korzystania konta w serwisie dla architekt\u00f3w. Poni\u017cej mo\u017cesz zapozna\u0107 si\u0119 z pozosta\u0142ymi informacjami:<\/div><p id=\"fakeTxt\"><\/p><span id=\"showPolicy\">wi\u0119cej<\/span><span id=\"hidePolicy\">mniej<\/span><\/div><\/div>\n<input class=\"wpcf7-form-control wpcf7-submit has-spinner subscribe\" type=\"submit\" value=\"Wy\u015blij has\u0142o na m\u00f3j e-mail\" \/><div class=\"wpcf7-response-output\" aria-hidden=\"true\"><\/div>\n<\/form>\n<\/div>\n<\/div>[\/vc_column][vc_column width=&#8221;1\/2&#8243; delay=&#8221;true&#8221; effect=&#8221;fadeInRight&#8221; delay_timer=&#8221;500&#8243;][vc_column_text]<\/p>\n<h2>Mam has\u0142o i chc\u0119 si\u0119 zalogowa\u0107<\/h2>\n<p>[\/vc_column_text]<style type=\"text\/css\">#bklyn_btn_69f172a7abb02 .bklyn-btn:hover{ background-color: !important; }#bklyn_btn_69f172a7abb02 .bklyn-btn:focus{ background-color: !important; }#bklyn_btn_69f172a7abb02 .bklyn-btn:active { background-color: !important; }<\/style><div id=\"bklyn_btn_69f172a7abb02\" class=\"bklyn-btn-holder  bklyn-btn-left bklyn-btn-tablet-left bklyn-btn-mobile-center\"><a title=\"Zastrze\u017cona tre\u015b\u0107 dla architekt\u00f3w\"   href=\"http:\/\/www.boz.pl\/salon-lazienek\/zastrzezona-tresc-dla-architektow\/\" target=\"_self\" class=\"bklyn-btn  bklyn-btn-with-effect bklyn-btn-effect-aylen bklyn-btn-icon-left bklyn-btn-large\" ><i class=\"\"><\/i><span class=\"ut-btn-text\">Zaloguj<\/span><\/a><\/div>[vc_column_text el_class=&#8221;unsubscribe&#8221;]Je\u015bli chcesz zrezygnowa\u0107 z subskrypcji i usun\u0105\u0107 sw\u00f3j adres e-mail z bazy danych, kliknij <a href=\"https:\/\/www.boz.pl\/salon-lazienek\/rezygnacja-z-subskrybcji\/\">tutaj<\/a>.[\/vc_column_text][\/vc_column][\/vc_row][vc_row][vc_column][vc_empty_space][\/vc_column][\/vc_row][\/vc_section]<\/p>\n<\/div>","protected":false},"excerpt":{"rendered":"<p>[vc_section][vc_row hide_on_tablet=&#8221;true&#8221; hide_on_mobile=&#8221;true&#8221; effect=&#8221;fadeInDown&#8221; animation_duration=&#8221;2s&#8221; el_id=&#8221;desktop_geo_dla_architektow&#8221;][vc_column][vc_column_text css_animation=&#8221;none&#8221;]Jeste\u015b architektem lub projektantem i chcesz nawi\u0105za\u0107 z nami wsp\u00f3\u0142prac\u0119? Z ch\u0119ci\u0105 po\u0142\u0105czymy z Tob\u0105 si\u0142y podczas obs\u0142ugi naszych ma\u0142ych i du\u017cych przedsi\u0119wzi\u0119\u0107 inwestycyjnych.\u00a0 Przygotowali\u015bmy dla Ciebie:\u00a0 elastyczne warunki wsp\u00f3\u0142pracy, kt\u00f3re uzgadniamy indywidualnie,\u00a0 mo\u017cliwo\u015b\u0107 dy\u017cur\u00f3w eksperckich na terenie naszej ekspozycji, mo\u017cliwo\u015b\u0107 korzystania ze Strefy Architekta wyposa\u017conej w bezp\u0142atny Internet [&hellip;]<\/p>\n","protected":false},"author":1,"featured_media":0,"parent":0,"menu_order":9,"comment_status":"closed","ping_status":"closed","template":"","meta":{"footnotes":""},"class_list":["post-82","page","type-page","status-publish","hentry"],"yoast_head":"<!-- This site is optimized with the Yoast SEO plugin v14.7 - https:\/\/yoast.com\/wordpress\/plugins\/seo\/ -->\n<title>Dla Architekt\u00f3w i Projektant\u00f3w - Oferta Wsp\u00f3\u0142pracy, Salon \u0141azienek BOZ<\/title>\n<meta name=\"description\" content=\"Oferta wsp\u00f3\u0142pracy dla architekt\u00f3w i projektant\u00f3w. Salon \u0141azienek BOZ - poznaj warunki i po\u0142\u0105cz z nami si\u0142y przy obs\u0142udze projekt\u00f3w inwestycyjnych!\" \/>\n<meta name=\"robots\" content=\"index, follow\" \/>\n<meta name=\"googlebot\" content=\"index, follow, max-snippet:-1, max-image-preview:large, max-video-preview:-1\" \/>\n<meta name=\"bingbot\" content=\"index, follow, max-snippet:-1, max-image-preview:large, max-video-preview:-1\" \/>\n<link rel=\"canonical\" href=\"https:\/\/www.boz.pl\/salon-lazienek\/dla-architektow\/\" \/>\n<meta property=\"og:locale\" content=\"pl_PL\" \/>\n<meta property=\"og:type\" content=\"article\" \/>\n<meta property=\"og:title\" content=\"Dla Architekt\u00f3w i Projektant\u00f3w - Oferta Wsp\u00f3\u0142pracy, Salon \u0141azienek BOZ\" \/>\n<meta property=\"og:description\" content=\"Oferta wsp\u00f3\u0142pracy dla architekt\u00f3w i projektant\u00f3w. Salon \u0141azienek BOZ - poznaj warunki i po\u0142\u0105cz z nami si\u0142y przy obs\u0142udze projekt\u00f3w inwestycyjnych!\" \/>\n<meta property=\"og:url\" content=\"https:\/\/www.boz.pl\/salon-lazienek\/dla-architektow\/\" \/>\n<meta property=\"og:site_name\" content=\"Salon \u0141azienek BOZ S.A.\" \/>\n<meta property=\"article:modified_time\" content=\"2021-07-29T09:13:23+00:00\" \/>\n<meta name=\"twitter:card\" content=\"summary_large_image\" \/>\n<script type=\"application\/ld+json\" class=\"yoast-schema-graph\">{\"@context\":\"https:\/\/schema.org\",\"@graph\":[{\"@type\":\"WebSite\",\"@id\":\"https:\/\/www.boz.pl\/salon-lazienek\/#website\",\"url\":\"https:\/\/www.boz.pl\/salon-lazienek\/\",\"name\":\"Salon \\u0141azienek BOZ S.A.\",\"description\":\"Wyposa\\u017cenie \\u0142azienek\",\"potentialAction\":[{\"@type\":\"SearchAction\",\"target\":\"https:\/\/www.boz.pl\/salon-lazienek\/?s={search_term_string}\",\"query-input\":\"required name=search_term_string\"}],\"inLanguage\":\"pl-PL\"},{\"@type\":\"WebPage\",\"@id\":\"https:\/\/www.boz.pl\/salon-lazienek\/dla-architektow\/#webpage\",\"url\":\"https:\/\/www.boz.pl\/salon-lazienek\/dla-architektow\/\",\"name\":\"Dla Architekt\\u00f3w i Projektant\\u00f3w - Oferta Wsp\\u00f3\\u0142pracy, Salon \\u0141azienek BOZ\",\"isPartOf\":{\"@id\":\"https:\/\/www.boz.pl\/salon-lazienek\/#website\"},\"datePublished\":\"2020-02-13T10:26:57+00:00\",\"dateModified\":\"2021-07-29T09:13:23+00:00\",\"description\":\"Oferta wsp\\u00f3\\u0142pracy dla architekt\\u00f3w i projektant\\u00f3w. Salon \\u0141azienek BOZ - poznaj warunki i po\\u0142\\u0105cz z nami si\\u0142y przy obs\\u0142udze projekt\\u00f3w inwestycyjnych!\",\"inLanguage\":\"pl-PL\",\"potentialAction\":[{\"@type\":\"ReadAction\",\"target\":[\"https:\/\/www.boz.pl\/salon-lazienek\/dla-architektow\/\"]}]}]}<\/script>\n<!-- \/ Yoast SEO plugin. -->","_links":{"self":[{"href":"https:\/\/www.boz.pl\/salon-lazienek\/wp-json\/wp\/v2\/pages\/82"}],"collection":[{"href":"https:\/\/www.boz.pl\/salon-lazienek\/wp-json\/wp\/v2\/pages"}],"about":[{"href":"https:\/\/www.boz.pl\/salon-lazienek\/wp-json\/wp\/v2\/types\/page"}],"author":[{"embeddable":true,"href":"https:\/\/www.boz.pl\/salon-lazienek\/wp-json\/wp\/v2\/users\/1"}],"replies":[{"embeddable":true,"href":"https:\/\/www.boz.pl\/salon-lazienek\/wp-json\/wp\/v2\/comments?post=82"}],"version-history":[{"count":54,"href":"https:\/\/www.boz.pl\/salon-lazienek\/wp-json\/wp\/v2\/pages\/82\/revisions"}],"predecessor-version":[{"id":412,"href":"https:\/\/www.boz.pl\/salon-lazienek\/wp-json\/wp\/v2\/pages\/82\/revisions\/412"}],"wp:attachment":[{"href":"https:\/\/www.boz.pl\/salon-lazienek\/wp-json\/wp\/v2\/media?parent=82"}],"curies":[{"name":"wp","href":"https:\/\/api.w.org\/{rel}","templated":true}]}}