{"version":"1.0","provider_name":"Salon \u0141azienek BOZ S.A.","provider_url":"https:\/\/www.boz.pl\/salon-lazienek","title":"Projekt \u0142azienki we w\u0142oskim klimacie SPA z p\u0142ytkami imituj\u0105cymi kamie\u0144","type":"rich","width":600,"height":338,"html":"<blockquote class=\"wp-embedded-content\" data-secret=\"i9DJkPaxFM\"><a href=\"https:\/\/www.boz.pl\/salon-lazienek\/portfolio-item\/wloskie-spa\/\">W\u0141OSKIE SPA W TWOJEJ \u0141AZIENCE<\/a><\/blockquote><iframe sandbox=\"allow-scripts\" security=\"restricted\" src=\"https:\/\/www.boz.pl\/salon-lazienek\/portfolio-item\/wloskie-spa\/embed\/#?secret=i9DJkPaxFM\" width=\"600\" height=\"338\" title=\"&#8222;W\u0141OSKIE SPA W TWOJEJ \u0141AZIENCE&#8221; &#8212; Salon \u0141azienek BOZ S.A.\" data-secret=\"i9DJkPaxFM\" frameborder=\"0\" marginwidth=\"0\" marginheight=\"0\" scrolling=\"no\" class=\"wp-embedded-content\"><\/iframe><script type=\"text\/javascript\">\n\/* <![CDATA[ *\/\n\/*! This file is auto-generated *\/\n!function(d,l){\"use strict\";l.querySelector&&d.addEventListener&&\"undefined\"!=typeof URL&&(d.wp=d.wp||{},d.wp.receiveEmbedMessage||(d.wp.receiveEmbedMessage=function(e){var t=e.data;if((t||t.secret||t.message||t.value)&&!\/[^a-zA-Z0-9]\/.test(t.secret)){for(var s,r,n,a=l.querySelectorAll('iframe[data-secret=\"'+t.secret+'\"]'),o=l.querySelectorAll('blockquote[data-secret=\"'+t.secret+'\"]'),c=new RegExp(\"^https?:$\",\"i\"),i=0;i<o.length;i++)o[i].style.display=\"none\";for(i=0;i<a.length;i++)s=a[i],e.source===s.contentWindow&&(s.removeAttribute(\"style\"),\"height\"===t.message?(1e3<(r=parseInt(t.value,10))?r=1e3:~~r<200&&(r=200),s.height=r):\"link\"===t.message&&(r=new URL(s.getAttribute(\"src\")),n=new URL(t.value),c.test(n.protocol))&&n.host===r.host&&l.activeElement===s&&(d.top.location.href=t.value))}},d.addEventListener(\"message\",d.wp.receiveEmbedMessage,!1),l.addEventListener(\"DOMContentLoaded\",function(){for(var e,t,s=l.querySelectorAll(\"iframe.wp-embedded-content\"),r=0;r<s.length;r++)(t=(e=s[r]).getAttribute(\"data-secret\"))||(t=Math.random().toString(36).substring(2,12),e.src+=\"#?secret=\"+t,e.setAttribute(\"data-secret\",t)),e.contentWindow.postMessage({message:\"ready\",secret:t},\"*\")},!1)))}(window,document);\n\/* ]]> *\/\n<\/script>\n","thumbnail_url":"https:\/\/www.boz.pl\/salon-lazienek\/wp-content\/uploads\/sites\/2\/2024\/01\/K.jpg","thumbnail_width":1920,"thumbnail_height":1080,"description":"Aran\u017cacja \u0142azienki z p\u0142ytkami Imola The Room i drewnem Ragno. Zobacz projekt we w\u0142oskim stylu z umywalk\u0105 nablatow\u0105 przy\u015bcienn\u0105 Vitra i lustrem pod\u015bwietlanym."}